{"id":3094,"date":"2024-01-03T17:10:19","date_gmt":"2024-01-03T15:10:19","guid":{"rendered":"https:\/\/www.piirlahti.fi\/ajankohtaista\/"},"modified":"2026-03-23T13:09:09","modified_gmt":"2026-03-23T11:09:09","slug":"aktuellt","status":"publish","type":"page","link":"https:\/\/www.piirlahti.fi\/sv\/pirlax-byaforening\/aktuellt\/","title":{"rendered":"Aktuellt"},"content":{"rendered":"<h1 style=\"text-align: center\"><span style=\"color: #ff9900\">2026<\/span><\/h1>\n<p style=\"text-align: center\"><span style=\"color: #ff9900\">VI PLOCKAR SKR\u00c4P L\u00c4NGS V\u00c4GRENAR<\/span><\/p>\n<p style=\"text-align: center\"><span style=\"color: #ff9900\">L\u00f6rdagen den 2.6. 2026. Vi tr\u00e4ffas kl.12.00 p\u00e5 Bygdebos g\u00e5rd och planerar var vi ska b\u00f6rja. V\u00e4lkomna!<\/span><\/p>\n<p style=\"text-align: center\"><span style=\"color: #ff9900\">\u00c5RSM\u00d6TE<\/span><\/p>\n<p style=\"text-align: center\"><span style=\"color: #ff9900\">Pirlax Byaf\u00f6rening rf. har \u00e5rsm\u00f6te s\u00f6ndagen den 14.6. 2026 kl.15.00 p\u00e5 Pirlax g\u00e5rd. Vi behandlar stadgeenliga \u00e4renden. <\/span><\/p>\n<p style=\"text-align: center\"><span style=\"color: #ff9900\">Kaffeservering. V\u00e4lkomna!<\/span><\/p>\n<p style=\"text-align: center\"><span style=\"color: #ff9900\">SOMMARFEST<\/span><\/p>\n<p style=\"text-align: center\"><span style=\"color: #ff9900\">Pirlax Byaf\u00f6renings sommarfest p\u00e5 Pirlax g\u00e5rd s\u00f6ndagen den 26.7.2026 kl.15.00. Lotteri, kaffeservering och umg\u00e4nge med bybor. V\u00e4lkomna!<\/span><\/p>\n<p>&nbsp;<\/p>\n<h1 style=\"text-align: center\"><span style=\"color: #000080\">2025<\/span><\/h1>\n<h4><span style=\"color: #993366\">Pirlaxviken-projektet<\/span><\/h4>\n<p><span style=\"color: #993366\">I december 2025 fick vi utredningen \u00f6ver Pirlaxviken, gjord av havsbiologElla Pippingsk\u00f6ld p\u00e5 Alleco Oy.<\/span><\/p>\n<p><span style=\"color: #993366\">F\u00f6r att bekosta utredningen fick vi underst\u00f6d av Uudenmaan Op samt av Europeiska jordbruksfonden f\u00f6r landsbygdsutveckling (via Leader\/Utvecklinfsf\u00f6rening SILMU). Jordbruksfondens st\u00f6d var 3 200 \u20ac. Vi \u00e4r tacksamma f\u00f6r underst\u00f6det och lyckliga \u00f6ver utredningen. https:\/\/maaseutuverkosto.fi\/han\u2026\/pirlaxviken-luontoselvitys\/<\/span><\/p>\n<p><span style=\"color: #993366\">Pirlaxviken \u00e4r inte bara en igenv\u00e4xande vassvik, utan en v\u00e4rdefull naturmilj\u00f6 som kallas <\/span><strong style=\"color: #993366\">flada<\/strong><span style=\"color: #993366\">. L\u00e4s, och l\u00e4r dig mer om Pirlaxviken, och definitionen p\u00e5 vad en flada \u00e4r. Finns tyv\u00e4rr enbart p\u00e5 finska. <\/span><\/p>\n<h3><span style=\"color: #993366\"><a href=\"https:\/\/www.piirlahti.fi\/wp-content\/uploads\/sites\/19\/2025\/12\/Pirlaxvikenin-esiselvitys.pdf\">Pirlaxvikenin esiselvitys<\/a><\/span><\/h3>\n<p><a href=\"https:\/\/www.piirlahti.fi\/wp-content\/uploads\/sites\/19\/2026\/02\/FI-Euroopan-unionin-osarahoittama-2-2.jpg\"><img loading=\"lazy\" decoding=\"async\" class=\"alignnone size-medium wp-image-3958\" src=\"https:\/\/www.piirlahti.fi\/wp-content\/uploads\/sites\/19\/2026\/02\/FI-Euroopan-unionin-osarahoittama-2-2-300x63.jpg\" alt=\"\" width=\"300\" height=\"63\" data-id=\"3958\" srcset=\"https:\/\/www.piirlahti.fi\/wp-content\/uploads\/sites\/19\/2026\/02\/FI-Euroopan-unionin-osarahoittama-2-2-300x63.jpg 300w, https:\/\/www.piirlahti.fi\/wp-content\/uploads\/sites\/19\/2026\/02\/FI-Euroopan-unionin-osarahoittama-2-2.jpg 640w\" sizes=\"auto, (max-width: 300px) 100vw, 300px\" \/><\/a><\/p>\n<p>&nbsp;<\/p>\n<p>&nbsp;<\/p>\n<p><span style=\"color: #000080\">Pirlaxbladet 2-2025 delades ut i postl\u00e5dor och per e-post vecka 47.<\/span><\/p>\n<h5 style=\"text-align: center\"><span style=\"color: #666699\">Styrelsem\u00f6te s\u00f6ndagen den 12.10 kl 15.00 p\u00e5 Pirlax g\u00e5rd.<\/span><\/h5>\n<h5 style=\"text-align: center\"><span style=\"color: #333399\">Havsbiologen Ella Pippingsk\u00f6ld bes\u00f6ker byn i b\u00f6rjan av september, med anledning av Pirlxviken-projektet.<\/span><\/h5>\n<h5 style=\"text-align: center\"><span style=\"color: #666699\">Bekanta dig med byn- promenad<\/span><\/h5>\n<p style=\"text-align: center\"><span style=\"color: #666699\"><strong>S\u00f6ndagen den 17 augusti kl. 15.00<\/strong> tar Liisa Wilska med oss p\u00e5 en promenad genom Pirlax historia. Vi vandrar ca 1,5 timme i Pirlax g\u00e5rds omgivningar genom \u00e5rhundradena. Start fr\u00e5n Kattkantens och Tegelbruksv\u00e4gens korsning. \u00a0F\u00f6rfriskningar finns att h\u00e4mta p\u00e5 herrg\u00e5rdens veranda.<\/span><\/p>\n<h5 style=\"text-align: center\"><span style=\"color: #333399\">Sommarfest<\/span><\/h5>\n<p><span style=\"color: #333399\">Pirlax Byaf\u00f6renings sommarfest firas <strong>s\u00f6ndagen den 27. juli 2025 kl. 15-17<\/strong> p\u00e5 Pirlax g\u00e5rd. Lotteri och umg\u00e4nge med bybor. Kaffeservering.<\/span><\/p>\n<h5 style=\"text-align: center\"><span style=\"color: #666699\"><strong>P\u00e5 \u00e5rsm\u00f6tet 15.6.1015 valdes f\u00f6ljande styrelse:<\/strong> <\/span><\/h5>\n<p style=\"text-align: center\"><span style=\"color: #666699\">Ordf\u00f6rande Pia Lehtosaari, viceordf\u00f6rande Hilkka Pekkanen, sekreterare Mina Westerholm, kass\u00f6r Liisa Wilska, Tuula Salo, Anella Ahokas, Niklas Fridolfsson, Maria Bj\u00f6rkqvist, Lotta Weckstr\u00f6m.<\/span><\/p>\n<p>&nbsp;<\/p>\n<h5 style=\"text-align: center\"><span style=\"color: #333399\"><strong>VERKSAMHETSPLAN F\u00d6R \u00c5R 2025, endast p\u00e5 finska.\u00a0\u00a0<\/strong><\/span><\/h5>\n<p><span style=\"color: #333399\">Piirlahden kyl\u00e4yhdistyksen toiminta jatkuu vuonna 2025 edelt\u00e4vien vuosien mallin mukaan. Paikallishistoria, luonto ja oman kyl\u00e4n yhteis\u00f6llisyys ovat t\u00e4rke\u00e4t, ja my\u00f6s kyl\u00e4\u00e4 koskeviin yhteiskunnallisiin asioihin otetaan kantaa.<\/span><\/p>\n<p><span style=\"color: #333399\"><strong><u>Luonto<\/u><\/strong> Piirlahdessa meill\u00e4 on upeaa luontoa ymp\u00e4rill\u00e4mme joka suuntaan. \u00a0Luonto ei kuitenkaan ole vain meid\u00e4n nautintoamme varten, vaan vastuu luonnosta on meid\u00e4n kaikkien. Pienill\u00e4kin teoilla voi aloittaa, ottaa kantaa ja kannustaa muita mukaan.<\/span><\/p>\n<ul>\n<li><span style=\"color: #333399\">Pirlaxviken-projekti: asiantuntija (Alleco Oy) tekee luontoselvityksen Pirlaxvikenin alueesta. J\u00e4rviruo\u2019on leikkausta kokeillaan tietyill\u00e4 alueilla.<\/span><\/li>\n<li><span style=\"color: #333399\">Linturetki kev\u00e4\u00e4ll\u00e4 Pirlaxvikenin maisemissa.<\/span><\/li>\n<li><span style=\"color: #333399\">Roskienkeruuta tienreunoilta.<\/span><\/li>\n<li><span style=\"color: #333399\">Seuraamme \u00c5byb\u00e4ckenin kunnostusta.<\/span><\/li>\n<\/ul>\n<p><span style=\"color: #333399\"><strong><u>Historia-projekti<\/u><\/strong><\/span><\/p>\n<ul>\n<li><span style=\"color: #333399\">Ker\u00e4\u00e4mme tietoa ja kuvia arkistoon.<\/span><\/li>\n<li><span style=\"color: #333399\">Kirjoitamme paikallishistoria-aiheisia artikkeleita Pirlaxbladetiin.<\/span><\/li>\n<li><span style=\"color: #333399\">Tutustu kyl\u00e4\u00e4n k\u00e4vely- Bekanta dig med byn -promenad. T\u00e4n\u00e4 vuonna tutustumme Piirlahden kartanon historiaan.<\/span><\/li>\n<li><span style=\"color: #333399\">Avustuksia projektiin anotaan sopivilta tahoilta.<\/span><\/li>\n<\/ul>\n<p><span style=\"color: #333399\"><strong><u>Vuosikokous 15.6.2025<\/u><\/strong><\/span><\/p>\n<p><span style=\"color: #333399\"><strong><u>Kes\u00e4juhlat 27.7.2025<\/u><\/strong><\/span><\/p>\n<p><span style=\"color: #333399\"><strong><u>Kyl\u00e4yhteis\u00f6llisyys ja tiedotus<\/u><\/strong><\/span><\/p>\n<ul>\n<li><span style=\"color: #333399\">Kes\u00e4juhlilla ja retkill\u00e4 haluamme houkutella mukaan eri-ik\u00e4isi\u00e4 ja eri kiinnostuksen aiheita omaavia kyl\u00e4l\u00e4isi\u00e4.<\/span><\/li>\n<li><span style=\"color: #333399\">Pirlaxbladetin kautta pyrimme tavoittamaan kyl\u00e4l\u00e4isi\u00e4, tiedottamaan tapahtumista sek\u00e4 kyl\u00e4\u00e4 koskevista ajankohtaisista asioista.<\/span><\/li>\n<li><span style=\"color: #333399\"><a style=\"color: #333399\" href=\"http:\/\/www.piirlahti.fi\"><strong>piirlahti.fi<\/strong><\/a> sivustosta tiedotamme n\u00e4kyv\u00e4sti Pirlaxbladetissa ja tiedotamme Fb.ss\u00e4 jotta se voi toimia tiedonl\u00e4hteen\u00e4 toiminnastamme.<\/span><\/li>\n<li><span style=\"color: #333399\">Pirlax-Piirlahti Facebook -sivuilla muistutamme yhdistyksen olemassaolosta arkisilla tervehdyksill\u00e4, kuten my\u00f6s t\u00e4rkeill\u00e4 tiedotteilla.<\/span><\/li>\n<li><span style=\"color: #333399\">Olemme avoimia yhteisty\u00f6lle alueen muiden j\u00e4rjest\u00f6jen kanssa.<\/span><\/li>\n<\/ul>\n<p><span style=\"color: #333399\"><strong><u>Yhteiskunta ymp\u00e4rill\u00e4mme<\/u><\/strong><\/span><\/p>\n<ul>\n<li><span style=\"color: #333399\">Yhteiskunnallisiin asioihin otetaan kantaa kyl\u00e4yhdistyksen nimiss\u00e4, tai teemme yhteisty\u00f6t\u00e4 muiden tahojen kanssa, kuten esimerkiksi Borg\u00e5 Byar-Porvoon Kyl\u00e4t -yhdistyksen kautta.<\/span><\/li>\n<\/ul>\n<h4 style=\"text-align: center\"><span style=\"color: #666699\">Pirlaxbladet 1-2025 utkom i slutet av maj m\u00e5nad.<\/span><\/h4>\n<p style=\"text-align: center\"><span style=\"color: #333399\"><strong>Markku Wallin<\/strong> skrev en artikel: <strong>Pirlaxvikens f\u00e5glar<\/strong><\/span><\/p>\n<p style=\"text-align: center\"><span style=\"color: #333399\">L\u00e4s h\u00e4r: https:\/\/www.piirlahti.fi\/sv\/pirlaxviken\/pirlaxvikenin-linnut\/<\/span><\/p>\n<p>&nbsp;<\/p>\n<h4 style=\"text-align: center\"><span style=\"color: #000080\"><strong>Pirlax Byaf\u00f6renings medlemsavgift f\u00f6r 2025.<\/strong> <\/span><\/h4>\n<p style=\"text-align: center\"><span style=\"color: #000080\">Efter mer \u00e4n 20 \u00e5r har medlemsavgiften h\u00f6jts! Har du redan betalat i \u00e5r enligt den gamla avgiften, \u00e4r det bra s\u00e5. <\/span><\/p>\n<p style=\"text-align: center\"><span style=\"color: #000080\">Om du inte har betalat \u00e4nnu, observera att avgiften nu \u00e4r 10 \u20ac\/person eller 15 \u20ac\/familj. <\/span><\/p>\n<p style=\"text-align: center\"><span style=\"color: #000080\">Vi tackar f\u00f6r underst\u00f6det.<\/span><\/p>\n<p style=\"text-align: center\"><span style=\"color: #000080\"><strong>FI11 1124 3000 2089 60<\/strong><\/span><\/p>\n<p>&nbsp;<\/p>\n<h3 style=\"text-align: left\"><span style=\"color: #666699\">Aktiviteter sommaren 2025<\/span><\/h3>\n<h4><span style=\"color: #666699\">\u00c5rsm\u00f6te<\/span><\/h4>\n<p><span style=\"color: #666699\">Pirlax Byaf\u00f6rening rf. h\u00e5ller sitt \u00e5rsm\u00f6te <strong>s\u00f6ndagen den 15. juni 2025 kl. 15.00<\/strong> p\u00e5 Pirlax g\u00e5rd. Vi behandlar stadgeenliga \u00e4renden. Kom och bekanta dig och delta i verksamheten.<\/span><\/p>\n<h4><span style=\"color: #666699\">Sommarfest<\/span><\/h4>\n<p><span style=\"color: #666699\">Pirlax Byaf\u00f6renings sommarfest firas <strong>s\u00f6ndagen den 27. juli 2025 kl. 15-17<\/strong> p\u00e5 Pirlax g\u00e5rd. Lotteri och umg\u00e4nge med bybor. Kaffeservering.<\/span><\/p>\n<h4><span style=\"color: #666699\">Bekanta dig med byn- promenad<\/span><\/h4>\n<p><span style=\"color: #666699\"><strong>S\u00f6ndagen den 17 augusti kl. 15.00<\/strong> tar Liisa Wilska med oss p\u00e5 en promenad genom Pirlax historia. Vi vandrar ca 1,5 timme i Pirlax g\u00e5rds omgivningar genom \u00e5rhundradena. Start fr\u00e5n Kattkantens och Tegelbruksv\u00e4gens korsning. \u00a0F\u00f6rfriskningar finns att h\u00e4mta p\u00e5 herrg\u00e5rdens veranda. N\u00e4rmare info om evenemanget, n\u00e4r tiden n\u00e4rmar sig: https:\/\/www.piirlahti.fi\/sv\/pirlax-byaforening\/aktuellt\/<\/span><\/p>\n<p style=\"text-align: center\">\n","protected":false},"excerpt":{"rendered":"<p>2026 VI PLOCKAR SKR\u00c4P L\u00c4NGS V\u00c4GRENAR L\u00f6rdagen den 2.6. 2026. Vi tr\u00e4ffas kl.12.00 p\u00e5 Bygdebos g\u00e5rd och planerar var vi ska b\u00f6rja. V\u00e4lkomna! \u00c5RSM\u00d6TE Pirlax Byaf\u00f6rening rf. har \u00e5rsm\u00f6te s\u00f6ndagen den 14.6. 2026 kl.15.00 p\u00e5 Pirlax g\u00e5rd. Vi behandlar stadgeenliga \u00e4renden. Kaffeservering. V\u00e4lkomna! SOMMARFEST Pirlax Byaf\u00f6renings sommarfest p\u00e5 Pirlax g\u00e5rd s\u00f6ndagen den 26.7.2026 kl.15.00. Lotteri, [&hellip;]<\/p>\n","protected":false},"author":48,"featured_media":0,"parent":2684,"menu_order":0,"comment_status":"closed","ping_status":"closed","template":"","meta":{"footnotes":""},"class_list":["post-3094","page","type-page","status-publish","hentry"],"_links":{"self":[{"href":"https:\/\/www.piirlahti.fi\/sv\/wp-json\/wp\/v2\/pages\/3094","targetHints":{"allow":["GET"]}}],"collection":[{"href":"https:\/\/www.piirlahti.fi\/sv\/wp-json\/wp\/v2\/pages"}],"about":[{"href":"https:\/\/www.piirlahti.fi\/sv\/wp-json\/wp\/v2\/types\/page"}],"author":[{"embeddable":true,"href":"https:\/\/www.piirlahti.fi\/sv\/wp-json\/wp\/v2\/users\/48"}],"replies":[{"embeddable":true,"href":"https:\/\/www.piirlahti.fi\/sv\/wp-json\/wp\/v2\/comments?post=3094"}],"version-history":[{"count":10,"href":"https:\/\/www.piirlahti.fi\/sv\/wp-json\/wp\/v2\/pages\/3094\/revisions"}],"predecessor-version":[{"id":3974,"href":"https:\/\/www.piirlahti.fi\/sv\/wp-json\/wp\/v2\/pages\/3094\/revisions\/3974"}],"up":[{"embeddable":true,"href":"https:\/\/www.piirlahti.fi\/sv\/wp-json\/wp\/v2\/pages\/2684"}],"wp:attachment":[{"href":"https:\/\/www.piirlahti.fi\/sv\/wp-json\/wp\/v2\/media?parent=3094"}],"curies":[{"name":"wp","href":"https:\/\/api.w.org\/{rel}","templated":true}]}}